{"id":34652,"date":"2025-07-04T15:23:38","date_gmt":"2025-07-04T19:23:38","guid":{"rendered":"https:\/\/www.yorku.ca\/glendon\/leadership-and-community\/"},"modified":"2025-12-11T14:30:22","modified_gmt":"2025-12-11T19:30:22","slug":"leadership-and-community","status":"publish","type":"page","link":"https:\/\/www.yorku.ca\/glendon\/leadership-and-community\/?lang=fr","title":{"rendered":"Leadership et communaut\u00e9"},"content":{"rendered":"\n<div style=\"height:69px\" aria-hidden=\"true\" class=\"wp-block-spacer\"><\/div>\n\n\n\n<div class=\"wp-block-columns is-layout-flex wp-container-core-columns-is-layout-28f84493 wp-block-columns-is-layout-flex\">\n<div class=\"wp-block-column is-layout-flow wp-block-column-is-layout-flow\" style=\"flex-basis:33.3%\">\n<figure class=\"wp-block-image size-full is-resized border-md border-gl\"><img loading=\"lazy\" decoding=\"async\" width=\"2560\" height=\"2560\" src=\"https:\/\/www.yorku.ca\/glendon\/wp-content\/uploads\/sites\/508\/2025\/07\/susan_Headshots-05-scaled.jpg\" alt=\"\" class=\"wp-image-33076\" style=\"width:356px;height:auto\" srcset=\"https:\/\/www.yorku.ca\/glendon\/wp-content\/uploads\/sites\/508\/2025\/07\/susan_Headshots-05-scaled.jpg 2560w, https:\/\/www.yorku.ca\/glendon\/wp-content\/uploads\/sites\/508\/2025\/07\/susan_Headshots-05-400x400.jpg 400w, https:\/\/www.yorku.ca\/glendon\/wp-content\/uploads\/sites\/508\/2025\/07\/susan_Headshots-05-1024x1024.jpg 1024w, https:\/\/www.yorku.ca\/glendon\/wp-content\/uploads\/sites\/508\/2025\/07\/susan_Headshots-05-150x150.jpg 150w, https:\/\/www.yorku.ca\/glendon\/wp-content\/uploads\/sites\/508\/2025\/07\/susan_Headshots-05-300x300.jpg 300w, https:\/\/www.yorku.ca\/glendon\/wp-content\/uploads\/sites\/508\/2025\/07\/susan_Headshots-05-500x500.jpg 500w, https:\/\/www.yorku.ca\/glendon\/wp-content\/uploads\/sites\/508\/2025\/07\/susan_Headshots-05-1536x1536.jpg 1536w, https:\/\/www.yorku.ca\/glendon\/wp-content\/uploads\/sites\/508\/2025\/07\/susan_Headshots-05-2048x2048.jpg 2048w\" sizes=\"auto, (max-width: 2560px) 100vw, 2560px\" \/><\/figure>\n<\/div>\n\n\n\n<div class=\"wp-block-column is-layout-flow wp-block-column-is-layout-flow\" style=\"flex-basis:66.6%\">\n<h2 class=\"wp-block-heading\">Susan Pond - directrice<\/h2>\n\n\n\n<div style=\"height:14px\" aria-hidden=\"true\" class=\"wp-block-spacer\"><\/div>\n\n\n\n<p>Susan Pond, M.S.C. dirige l\u2019\u00c9cole des affaires publiques et internationales de Glendon avec l\u2019aide du corps professoral, du personnel, des chercheuses et chercheurs associ\u00e9s et gr\u00e2ce aux dons g\u00e9n\u00e9reux de BMO et de Power Corporation; elle est responsable de plusieurs \u00e9v\u00e9nements de premier plan, dont la s\u00e9rie populaire des Dialogues internationaux de Glendon. Dans le cadre de ces activit\u00e9s, Mme\u202fPond est d\u00e9termin\u00e9e \u00e0 promouvoir la diversit\u00e9 et l\u2019inclusion. Elle a r\u00e9tabli le voyage d\u2019\u00e9tudes aux Nations Unies \u00e0 New York en 2024 et \u00e0 Washington\u202fDC en 2025, un \u00e9v\u00e9nement tr\u00e8s pris\u00e9 de la population \u00e9tudiante.<\/p>\n\n\n\n<p>Gr\u00e2ce \u00e0 sa longue exp\u00e9rience dans le secteur, \u00e0 son vaste r\u00e9seau et \u00e0 la contribution de York International, du Coll\u00e8ge Glendon et d\u2019autres soutiens, Mme\u202fPond procure un acc\u00e8s exceptionnel \u00e0 des possibilit\u00e9s d\u2019apprentissage exp\u00e9rientiel transformatrices. L\u2019objectif de l\u2019\u00c9cole est de contribuer \u00e0 cr\u00e9er une exp\u00e9rience d\u2019apprentissage riche et enrichissante pour la prochaine g\u00e9n\u00e9ration de leaders communautaires.\u00a0<\/p>\n\n\n\n<p>Nos \u00e9tudiants et \u00e9tudiantes constatent l\u2019efficacit\u00e9 des approches innovantes et collaboratives qui permettent de cr\u00e9er des changements positifs. En reconnaissance de ses contributions exceptionnelles \u00e0 la recherche et \u00e0 l\u2019analyse et de son soutien ind\u00e9fectible qui a permis la cr\u00e9ation de deux stages MAPI au Centre d\u2019excellence de l\u2019OTAN pour l\u2019assistance aux forces de s\u00e9curit\u00e9 (COE), Mme\u202fPond a \u00e9t\u00e9 nomm\u00e9e <em>Senior Fellow<\/em> du COE.\u00a0\u00a0<\/p>\n<\/div>\n<\/div>\n\n\n\n<h2 class=\"wp-block-heading\"><\/h2>\n\n\n\n<div class=\"wp-block-media-text is-stacked-on-mobile\" style=\"grid-template-columns:24% auto\"><figure class=\"wp-block-media-text__media\"><img loading=\"lazy\" decoding=\"async\" width=\"750\" height=\"1000\" src=\"https:\/\/www.yorku.ca\/glendon\/wp-content\/uploads\/sites\/508\/2025\/07\/FrancisCrop2-2.jpg\" alt=\"\" class=\"wp-image-33056 size-full\" srcset=\"https:\/\/www.yorku.ca\/glendon\/wp-content\/uploads\/sites\/508\/2025\/07\/FrancisCrop2-2.jpg 750w, https:\/\/www.yorku.ca\/glendon\/wp-content\/uploads\/sites\/508\/2025\/07\/FrancisCrop2-2-300x400.jpg 300w\" sizes=\"auto, (max-width: 750px) 100vw, 750px\" \/><\/figure><div class=\"wp-block-media-text__content\">\n<h2 class=\"wp-block-heading\">Francis Garon<\/h2>\n\n\n\n<p><\/p>\n\n\n\n<p>Sp\u00e9cialiste des politiques publiques et de l\u2019administration, le professeur agr\u00e9g\u00e9 Francis Garon dirige la ma\u00eetrise en affaires publiques et internationales. Dans cette discipline, ses domaines d\u2019expertise comprennent l\u2019immigration, l\u2019int\u00e9gration, le multiculturalisme et la politique linguistique. Il enseigne le processus d\u2019\u00e9laboration des politiques et dirige le colloque hebdomadaire de la MAPI\u202f: Le Canada et sa place dans le monde, une s\u00e9rie de conf\u00e9rences (avec des oratrices et orateurs invit\u00e9s) qui a lieu durant les trimestres d\u2019automne et d\u2019hiver. \u00a0<\/p>\n<\/div><\/div>\n\n\n\n<div style=\"height:103px\" aria-hidden=\"true\" class=\"wp-block-spacer\"><\/div>\n\n\n\n<h2 class=\"wp-block-heading\"><\/h2>\n\n\n\n<p><\/p>\n\n\n\n<h2 class=\"wp-block-heading\">Le corps professoral de Glendon\u00a0<\/h2>\n\n\n\n<div style=\"height:26px\" aria-hidden=\"true\" class=\"wp-block-spacer\"><\/div>\n\n\n\n<hr class=\"wp-block-separator has-alpha-channel-opacity is-style-wide\"\/>\n\n\n\n<div style=\"height:23px\" aria-hidden=\"true\" class=\"wp-block-spacer\"><\/div>\n\n\n\n<div class=\"wp-block-columns is-layout-flex wp-container-core-columns-is-layout-28f84493 wp-block-columns-is-layout-flex\">\n<div class=\"wp-block-column is-layout-flow wp-block-column-is-layout-flow\">\n<h2 class=\"wp-block-heading\">Elaine Coburn<\/h2>\n\n\n\n<figure class=\"wp-block-image size-full is-resized wp-duotone-grayscale\"><img loading=\"lazy\" decoding=\"async\" width=\"150\" height=\"150\" src=\"https:\/\/www.yorku.ca\/glendon\/wp-content\/uploads\/sites\/508\/2025\/07\/image-1.jpeg\" alt=\"\" class=\"wp-image-32937\" style=\"width:249px;height:auto\"\/><\/figure>\n\n\n\n<p><strong>Parcours acad\u00e9mique\u202f:<\/strong> Ph. D. (Stanford) \u00a0<br><strong>Titre\u202f:<\/strong> Professeure agr\u00e9g\u00e9e d\u2019\u00e9tudes internationales \u00a0<br><strong>Domaines de recherche\u202f: <\/strong><em>Th\u00e9orie sociale critique, luttes autochtones, mondialisation n\u00e9olib\u00e9rale, mouvements pour la justice sociale,<\/em> <em>m\u00e9thodes des<\/em> <em>sciences sociales<\/em><\/p>\n\n\n\n<p><strong>Courriel<\/strong>: <a href=\"mailto:chennoufimiloud@gmail.com\" target=\"_blank\" rel=\"noreferrer noopener\">ecoburn@glendon.yorku.ca<\/a>\u00a0\u00a0<\/p>\n<\/div>\n\n\n\n<div class=\"wp-block-column is-layout-flow wp-block-column-is-layout-flow\">\n<h2 class=\"wp-block-heading\">Emily Laxer<\/h2>\n\n\n\n<figure class=\"wp-block-image size-full is-resized wp-duotone-grayscale\"><img loading=\"lazy\" decoding=\"async\" width=\"9504\" height=\"6336\" src=\"https:\/\/www.yorku.ca\/glendon\/wp-content\/uploads\/sites\/508\/2025\/07\/Emily-Laxer-9.jpg\" alt=\"\" class=\"wp-image-33107\" style=\"width:321px;height:auto\" srcset=\"https:\/\/www.yorku.ca\/glendon\/wp-content\/uploads\/sites\/508\/2025\/07\/Emily-Laxer-9.jpg 9504w, https:\/\/www.yorku.ca\/glendon\/wp-content\/uploads\/sites\/508\/2025\/07\/Emily-Laxer-9-400x267.jpg 400w, https:\/\/www.yorku.ca\/glendon\/wp-content\/uploads\/sites\/508\/2025\/07\/Emily-Laxer-9-1024x683.jpg 1024w\" sizes=\"auto, (max-width: 9504px) 100vw, 9504px\" \/><\/figure>\n\n\n\n<p><strong>Parcours acad\u00e9mique\u202f: <\/strong>Ph. D. (Universit\u00e9 de Toronto) \u00a0<br><strong>Titre\u202f: <\/strong>Professeure agr\u00e9g\u00e9e de sociologie \u00a0<br><strong>Domaines de recherche\u202f: <\/strong><em>Sociologie politique; immigration, race et ethnicit\u00e9, citoyennet\u00e9 et nationalisme; Genre<\/em><br><strong>Courriel:<\/strong> <a href=\"mailto:emily.laxer@glendon.yorku.ca\" target=\"_blank\" rel=\"noreferrer noopener\">emily.laxer@glendon.yorku.ca<\/a>\u00a0<\/p>\n<\/div>\n\n\n\n<div class=\"wp-block-column is-layout-flow wp-block-column-is-layout-flow\">\n<h2 class=\"wp-block-heading\">Willem Maas<\/h2>\n\n\n\n<figure class=\"wp-block-image size-full is-resized wp-duotone-grayscale\"><img loading=\"lazy\" decoding=\"async\" width=\"9504\" height=\"6336\" src=\"https:\/\/www.yorku.ca\/glendon\/wp-content\/uploads\/sites\/508\/2025\/07\/Willem-Maas-9.jpg\" alt=\"\" class=\"wp-image-33109\" style=\"width:321px;height:auto\" srcset=\"https:\/\/www.yorku.ca\/glendon\/wp-content\/uploads\/sites\/508\/2025\/07\/Willem-Maas-9.jpg 9504w, https:\/\/www.yorku.ca\/glendon\/wp-content\/uploads\/sites\/508\/2025\/07\/Willem-Maas-9-400x267.jpg 400w, https:\/\/www.yorku.ca\/glendon\/wp-content\/uploads\/sites\/508\/2025\/07\/Willem-Maas-9-1024x683.jpg 1024w\" sizes=\"auto, (max-width: 9504px) 100vw, 9504px\" \/><\/figure>\n\n\n\n<p><strong>Parcours acad\u00e9mique\u202f:<\/strong> Ph. D. (Yale) \u00a0<br><strong>Titre\u202f: <\/strong>Professeur de sciences politiques et titulaire de la chaire Jean Monnet sur l\u2019int\u00e9gration europ\u00e9enne. \u00a0<br><strong>Domaines de recherche\u202f:<\/strong> <em>Politique<\/em> <em>compar\u00e9e, int\u00e9gration europ\u00e9enne, citoyennet\u00e9 et migration, souverainet\u00e9, nationalisme, th\u00e9orie d\u00e9mocratique, f\u00e9d\u00e9ralisme <\/em>\u00a0<br><strong>Courriel:<\/strong> <a href=\"mailto:maas@yorku.ca\">maas@yorku.ca<\/a><\/p>\n<\/div>\n<\/div>\n\n\n\n<div style=\"height:37px\" aria-hidden=\"true\" class=\"wp-block-spacer\"><\/div>\n\n\n\n<div class=\"wp-block-columns is-layout-flex wp-container-core-columns-is-layout-28f84493 wp-block-columns-is-layout-flex\">\n<div class=\"wp-block-column is-layout-flow wp-block-column-is-layout-flow\">\n<h2 class=\"wp-block-heading\">Andrew Mackey<\/h2>\n\n\n\n<figure class=\"wp-block-image size-full is-resized wp-duotone-grayscale\"><img loading=\"lazy\" decoding=\"async\" width=\"150\" height=\"150\" src=\"https:\/\/www.yorku.ca\/glendon\/wp-content\/uploads\/sites\/508\/2025\/07\/image-2.jpeg\" alt=\"\" class=\"wp-image-32938\" style=\"width:301px;height:auto\"\/><\/figure>\n\n\n\n<p><strong>Parcours acad\u00e9mique\u202f:<\/strong> MAP (Dalhousie), MER (Memorial, NL) Med (Memorial, NL) \u00a0<br><strong>Titre\u202f:<\/strong> Conseiller principal en mati\u00e8re de politiques et de questions, Bureau du sous-ministre - minist\u00e8re des Personnes \u00e2g\u00e9es et de l\u2019Accessibilit\u00e9 de l\u2019Ontario\u00a0 \u00a0<br><strong>Domaines de recherche\u202f:<\/strong> <em>\u00c9conomie politique, \u00c9conomie publique<\/em><br><strong>Courriel: <\/strong><a href=\"mailto:andrewgmackey@gmail.com\" target=\"_blank\" rel=\"noreferrer noopener\">andrewgmackey@gmail.com<\/a>\u00a0<\/p>\n<\/div>\n\n\n\n<div class=\"wp-block-column is-layout-flow wp-block-column-is-layout-flow\">\n<h2 class=\"wp-block-heading\">Miloud Chennoufi<\/h2>\n\n\n\n<figure class=\"wp-block-image size-full is-resized wp-duotone-grayscale\"><img loading=\"lazy\" decoding=\"async\" width=\"158\" height=\"208\" src=\"https:\/\/www.yorku.ca\/glendon\/wp-content\/uploads\/sites\/508\/2025\/07\/l0n9bm2f-1.png\" alt=\"\" class=\"wp-image-33013\" style=\"width:245px;height:auto\"\/><\/figure>\n\n\n\n<p><strong>Parcours acad\u00e9mique\u202f:<\/strong> Ph. D. (Universit\u00e9 de Montr\u00e9al) \u00a0<br><strong>Titre\u202f:<\/strong> Professeur adjoint de relations internationales \u00a0<br><strong>Domaines de recherche\u202f:<\/strong> <em>Th\u00e9orie des relations internationales, th\u00e9orie politique et g\u00e9opolitique du Moyen-Orient<\/em>\u00a0<\/p>\n\n\n\n<p><strong>Courriel<\/strong>: <a href=\"mailto:chennoufimiloud@gmail.com\" target=\"_blank\" rel=\"noreferrer noopener\">chennoufimiloud@gmail.com\u00a0<\/a>\u00a0<\/p>\n<\/div>\n\n\n\n<div class=\"wp-block-column is-layout-flow wp-block-column-is-layout-flow\">\n<h2 class=\"wp-block-heading\">Nicholas-Guillaume Martineau<\/h2>\n\n\n\n<figure class=\"wp-block-image size-full is-resized wp-duotone-grayscale\"><img loading=\"lazy\" decoding=\"async\" width=\"730\" height=\"580\" src=\"https:\/\/www.yorku.ca\/glendon\/wp-content\/uploads\/sites\/508\/2025\/09\/Untitled-design.png\" alt=\"\" class=\"wp-image-33643\" style=\"width:331px;height:auto\" srcset=\"https:\/\/www.yorku.ca\/glendon\/wp-content\/uploads\/sites\/508\/2025\/09\/Untitled-design.png 730w, https:\/\/www.yorku.ca\/glendon\/wp-content\/uploads\/sites\/508\/2025\/09\/Untitled-design-400x318.png 400w\" sizes=\"auto, (max-width: 730px) 100vw, 730px\" \/><\/figure>\n\n\n\n<p><strong>Parcours acad\u00e9mique\u202f:<\/strong> Ph. D. (Universit\u00e9 Queen\u2019s) \u00a0<br><strong>Titre\u202f:<\/strong> Professeur adjoint d\u2019\u00e9conomie \u00a0<br><strong>Domaines de recherche\u202f:<\/strong> <em>\u00c9conomie politique, \u00e9conomie du secteur public<\/em><br><strong>Courriel: <\/strong><a href=\"mailto:ngmartineau@glendon.yorku.ca\" target=\"_blank\" rel=\"noreferrer noopener\">ngmartineau@glendon.yorku.ca<\/a>\u00a0<\/p>\n<\/div>\n<\/div>\n\n\n\n<div style=\"height:30px\" aria-hidden=\"true\" class=\"wp-block-spacer\"><\/div>\n\n\n\n<div class=\"wp-block-columns is-layout-flex wp-container-core-columns-is-layout-28f84493 wp-block-columns-is-layout-flex\">\n<div class=\"wp-block-column is-layout-flow wp-block-column-is-layout-flow\">\n<h2 class=\"wp-block-heading\">Jean Michel Montsion<\/h2>\n\n\n\n<figure class=\"wp-block-image size-full is-resized wp-duotone-grayscale\"><img loading=\"lazy\" decoding=\"async\" width=\"150\" height=\"150\" src=\"https:\/\/www.yorku.ca\/glendon\/wp-content\/uploads\/sites\/508\/2025\/07\/image-1.png\" alt=\"\" class=\"wp-image-32948\" style=\"width:310px;height:auto\"\/><\/figure>\n\n\n\n<p><strong>Parcours acad\u00e9mique\u202f:<\/strong> Ph. D. (McMaster) \u00a0<br><strong>Titre\u202f:<\/strong> Professeur agr\u00e9g\u00e9 d\u2019\u00e9tudes pluridisciplinaires \u00a0<br><strong>Domaines de recherche\u202f:<\/strong> <em>Villes globales et villes-passerelles, g\u00e9ographie politique, r\u00f4le des associations de communaut\u00e9s ethniques dans l\u2019\u00e9conomie politique internationale, Singapour, Vancouver et le Nord du Canada\u00a0<\/em><br><strong>Courriel: <\/strong><a href=\"mailto:jmmontsion@glendon.yorku.ca\" target=\"_blank\" rel=\"noreferrer noopener\">jmmontsion@glendon.yorku.ca\u00a0<\/a>\u00a0<\/p>\n<\/div>\n\n\n\n<div class=\"wp-block-column is-layout-flow wp-block-column-is-layout-flow\">\n<h2 class=\"wp-block-heading\">Joanna Robinson<\/h2>\n\n\n\n<figure class=\"wp-block-image size-full is-resized wp-duotone-grayscale\"><img loading=\"lazy\" decoding=\"async\" width=\"150\" height=\"150\" src=\"https:\/\/www.yorku.ca\/glendon\/wp-content\/uploads\/sites\/508\/2025\/07\/image.png\" alt=\"\" class=\"wp-image-32946\" style=\"width:308px;height:auto\"\/><\/figure>\n\n\n\n<p><strong>Parcours acad\u00e9mique\u202f: <\/strong>Ph. D. (UBC) \u00a0<br><strong>Titre\u202f:<\/strong> Professeure agr\u00e9g\u00e9e de sociologie \u00a0<br><strong>Domaines de recherche\u202f:<\/strong> <em>Politique contestataire, mondialisation, environnement, changement climatique, travail, sociologie urbaine et in\u00e9galit\u00e9s <\/em>\u00a0<br><strong>Courriel:<\/strong> <a href=\"mailto:joannar@yorku.ca\" target=\"_blank\" rel=\"noreferrer noopener\">joannar@yorku.ca<\/a>\u00a0<\/p>\n<\/div>\n\n\n\n<div class=\"wp-block-column is-layout-flow wp-block-column-is-layout-flow\">\n<h2 class=\"wp-block-heading\">Shirin Shahkroni<\/h2>\n\n\n\n<figure class=\"wp-block-image size-full is-resized wp-duotone-grayscale\"><img loading=\"lazy\" decoding=\"async\" width=\"150\" height=\"150\" src=\"https:\/\/www.yorku.ca\/glendon\/wp-content\/uploads\/sites\/508\/2025\/07\/image-6.jpeg\" alt=\"\" class=\"wp-image-32950\" style=\"width:310px;height:auto\"\/><\/figure>\n\n\n\n<p><strong>Parcours acad\u00e9mique\u202f:<\/strong> Ph. D. (Cambridge) \u00a0<br><strong>Titre\u202f: <\/strong>Professeure adjointe de sociologie \u00a0<br><strong>Domaines de recherche\u202f:<\/strong><em> Immigration, processus de n\u00e9gociation identitaire, trajectoires \u00e9ducatives et professionnelles, racisme et discrimination<\/em><br><strong>Courriel: <\/strong><a href=\"mailto:sshahrok@yorku.ca\" target=\"_blank\" rel=\"noreferrer noopener\">sshahrok@yorku.ca<\/a>\u00a0<\/p>\n<\/div>\n<\/div>\n\n\n\n<div class=\"wp-block-columns is-layout-flex wp-container-core-columns-is-layout-28f84493 wp-block-columns-is-layout-flex\">\n<div class=\"wp-block-column is-layout-flow wp-block-column-is-layout-flow\">\n<div class=\"wp-block-columns is-layout-flex wp-container-core-columns-is-layout-28f84493 wp-block-columns-is-layout-flex\">\n<div class=\"wp-block-column is-layout-flow wp-block-column-is-layout-flow\">\n<h2 class=\"wp-block-heading\">Peter Constantinou<\/h2>\n\n\n\n<figure class=\"wp-block-image size-full is-resized wp-duotone-grayscale\"><img loading=\"lazy\" decoding=\"async\" width=\"225\" height=\"225\" src=\"https:\/\/www.yorku.ca\/glendon\/wp-content\/uploads\/sites\/508\/2025\/09\/download.jpg\" alt=\"\" class=\"wp-image-33718\" style=\"aspect-ratio:1;object-fit:cover;width:251px;height:auto\" srcset=\"https:\/\/www.yorku.ca\/glendon\/wp-content\/uploads\/sites\/508\/2025\/09\/download.jpg 225w, https:\/\/www.yorku.ca\/glendon\/wp-content\/uploads\/sites\/508\/2025\/09\/download-150x150.jpg 150w\" sizes=\"auto, (max-width: 225px) 100vw, 225px\" \/><\/figure>\n\n\n\n<p><strong>Parcours acad\u00e9mique\u202f:<\/strong> Ph. D. (Universit\u00e9 de Toronto)\u00a0<br><strong>Titre\u202f:<\/strong> Professeur agr\u00e9g\u00e9 de politique publique\u00a0<br><strong>Domaines de recherche\u202f:<\/strong> <em>acuit\u00e9 politique et relations entre la fonction publique et les \u00e9lus; relations gouvernementales et plus particuli\u00e8rement la fa\u00e7on dont le secteur priv\u00e9, le secteur \u00e0 but non lucratif et le secteur public au sens large \u00e9laborent et mettent en \u0153uvre des strat\u00e9gies, les relations avec les parties prenantes.<\/em>\u00a0<\/p>\n\n\n\n<p><strong>Courriel <\/strong><a href=\"mailto:pconstan@yorku.ca\">pconstan@yorku.ca<\/a><\/p>\n<\/div>\n\n\n\n<div class=\"wp-block-column is-layout-flow wp-block-column-is-layout-flow\">\n<h2 class=\"wp-block-heading\">Remi Viv\u00e8s<\/h2>\n\n\n\n<figure class=\"wp-block-image size-large wp-duotone-grayscale\"><img loading=\"lazy\" decoding=\"async\" width=\"1024\" height=\"768\" src=\"https:\/\/www.yorku.ca\/glendon\/wp-content\/uploads\/sites\/508\/2025\/07\/Remi-M-Vives-8-1024x768.jpg\" alt=\"\" class=\"wp-image-33100\" srcset=\"https:\/\/www.yorku.ca\/glendon\/wp-content\/uploads\/sites\/508\/2025\/07\/Remi-M-Vives-8-1024x768.jpg 1024w, https:\/\/www.yorku.ca\/glendon\/wp-content\/uploads\/sites\/508\/2025\/07\/Remi-M-Vives-8-400x300.jpg 400w\" sizes=\"auto, (max-width: 1024px) 100vw, 1024px\" \/><\/figure>\n\n\n\n<p>Parcours acad\u00e9mique\u202f: Ph. D. (\u00c9cole d\u2019\u00e9conomie d\u2019Aix-Marseille)\u00a0<br>Titre\u202f: Professeur agr\u00e9g\u00e9 d\u2019\u00e9conomie\u00a0<br>Domaines de recherche\u202f: <em>J\u2019ai une formation en macro\u00e9conomie et mes premi\u00e8res recherches ont port\u00e9 sur les implications \u00e9conomiques et financi\u00e8res des fluctuations induites par les croyances (\u00e9quilibres des taches solaires). Mes recherches actuelles s\u2019appuient sur des donn\u00e9es num\u00e9riques et des techniques de science des donn\u00e9es pour \u00e9tudier des questions interdisciplinaires. Ces projets couvrent des domaines tels que l\u2019\u00e9conomie immobili\u00e8re, l\u2019\u00e9conomie de la sant\u00e9, le populisme et la responsabilit\u00e9 politique. Je suis cofondateur et collaborateur de l\u2019<\/em><a href=\"https:\/\/www.yorku.ca\/research\/robarts\/observatory-populism\/?lang=fr\" target=\"_blank\" rel=\"noreferrer noopener\"><em>Observatoire du populisme au Canada<\/em><\/a><em>.<\/em>\u00a0<\/p>\n\n\n\n<p><strong>Courriel:<\/strong> <a href=\"mailto:remi.vives@glendon.yorku.ca\">remi.vives@glendon.yorku.ca<\/a><\/p>\n<\/div>\n\n\n\n<div class=\"wp-block-column is-layout-flow wp-block-column-is-layout-flow\"><\/div>\n<\/div>\n<\/div>\n<\/div>\n\n\n\n<div style=\"height:56px\" aria-hidden=\"true\" class=\"wp-block-spacer\"><\/div>\n","protected":false},"excerpt":{"rendered":"<p>Susan Pond - directrice Susan Pond, M.S.C. dirige l\u2019\u00c9cole des affaires publiques et internationales de Glendon avec l\u2019aide du corps professoral, du personnel, des chercheuses et chercheurs associ\u00e9s et gr\u00e2ce aux dons g\u00e9n\u00e9reux de BMO et de Power Corporation; elle est responsable de plusieurs \u00e9v\u00e9nements de premier plan, dont la s\u00e9rie populaire des Dialogues internationaux [&hellip;]<\/p>\n","protected":false},"author":2381,"featured_media":0,"parent":0,"menu_order":0,"comment_status":"closed","ping_status":"closed","template":"","meta":{"_acf_changed":false,"_kad_blocks_custom_css":"","_kad_blocks_head_custom_js":"","_kad_blocks_body_custom_js":"","_kad_blocks_footer_custom_js":"","footnotes":""},"tags":[],"class_list":["post-34652","page","type-page","status-publish","hentry"],"acf":[],"yoast_head":"<!-- This site is optimized with the Yoast SEO plugin v27.4 - https:\/\/yoast.com\/product\/yoast-seo-wordpress\/ -->\n<title>Leadership et communaut\u00e9 | Glendon Campus<\/title>\n<meta name=\"robots\" content=\"index, follow, max-snippet:-1, max-image-preview:large, max-video-preview:-1\" \/>\n<link rel=\"canonical\" href=\"https:\/\/www.yorku.ca\/glendon\/leadership-and-community\/\" \/>\n<meta property=\"og:locale\" content=\"en_US\" \/>\n<meta property=\"og:type\" content=\"article\" \/>\n<meta property=\"og:title\" content=\"Leadership et communaut\u00e9 | Glendon Campus\" \/>\n<meta property=\"og:description\" content=\"Susan Pond - directrice Susan Pond, M.S.C. dirige l\u2019\u00c9cole des affaires publiques et internationales de Glendon avec l\u2019aide du corps professoral, du personnel, des chercheuses et chercheurs associ\u00e9s et gr\u00e2ce aux dons g\u00e9n\u00e9reux de BMO et de Power Corporation; elle est responsable de plusieurs \u00e9v\u00e9nements de premier plan, dont la s\u00e9rie populaire des Dialogues internationaux [&hellip;]\" \/>\n<meta property=\"og:url\" content=\"https:\/\/www.yorku.ca\/glendon\/leadership-and-community\/?lang=fr\" \/>\n<meta property=\"og:site_name\" content=\"Glendon Campus\" \/>\n<meta property=\"article:publisher\" content=\"https:\/\/www.facebook.com\/GlendonCampus\/\" \/>\n<meta property=\"article:modified_time\" content=\"2025-12-11T19:30:22+00:00\" \/>\n<meta property=\"og:image\" content=\"https:\/\/www.yorku.ca\/glendon\/wp-content\/uploads\/sites\/508\/2025\/07\/susan_Headshots-05-scaled.jpg\" \/>\n\t<meta property=\"og:image:width\" content=\"2560\" \/>\n\t<meta property=\"og:image:height\" content=\"2560\" \/>\n\t<meta property=\"og:image:type\" content=\"image\/jpeg\" \/>\n<meta name=\"twitter:card\" content=\"summary_large_image\" \/>\n<meta name=\"twitter:site\" content=\"@glendoncampus\" \/>\n<meta name=\"twitter:label1\" content=\"Est. reading time\" \/>\n\t<meta name=\"twitter:data1\" content=\"5 minutes\" \/>\n<script type=\"application\/ld+json\" class=\"yoast-schema-graph\">{\"@context\":\"https:\\\/\\\/schema.org\",\"@graph\":[{\"@type\":\"WebPage\",\"@id\":\"https:\\\/\\\/www.yorku.ca\\\/glendon\\\/leadership-and-community\\\/?lang=fr\",\"url\":\"https:\\\/\\\/www.yorku.ca\\\/glendon\\\/leadership-and-community\\\/?lang=fr\",\"name\":\"Leadership et communaut\u00e9 | Glendon Campus\",\"isPartOf\":{\"@id\":\"https:\\\/\\\/www.yorku.ca\\\/glendon\\\/#website\"},\"primaryImageOfPage\":{\"@id\":\"https:\\\/\\\/www.yorku.ca\\\/glendon\\\/leadership-and-community\\\/?lang=fr#primaryimage\"},\"image\":{\"@id\":\"https:\\\/\\\/www.yorku.ca\\\/glendon\\\/leadership-and-community\\\/?lang=fr#primaryimage\"},\"thumbnailUrl\":\"https:\\\/\\\/www.yorku.ca\\\/glendon\\\/wp-content\\\/uploads\\\/sites\\\/508\\\/2025\\\/07\\\/susan_Headshots-05-scaled.jpg\",\"datePublished\":\"2025-07-04T19:23:38+00:00\",\"dateModified\":\"2025-12-11T19:30:22+00:00\",\"breadcrumb\":{\"@id\":\"https:\\\/\\\/www.yorku.ca\\\/glendon\\\/leadership-and-community\\\/?lang=fr#breadcrumb\"},\"inLanguage\":\"en-US\",\"potentialAction\":[{\"@type\":\"ReadAction\",\"target\":[\"https:\\\/\\\/www.yorku.ca\\\/glendon\\\/leadership-and-community\\\/?lang=fr\"]}]},{\"@type\":\"ImageObject\",\"inLanguage\":\"en-US\",\"@id\":\"https:\\\/\\\/www.yorku.ca\\\/glendon\\\/leadership-and-community\\\/?lang=fr#primaryimage\",\"url\":\"https:\\\/\\\/www.yorku.ca\\\/glendon\\\/wp-content\\\/uploads\\\/sites\\\/508\\\/2025\\\/07\\\/susan_Headshots-05-scaled.jpg\",\"contentUrl\":\"https:\\\/\\\/www.yorku.ca\\\/glendon\\\/wp-content\\\/uploads\\\/sites\\\/508\\\/2025\\\/07\\\/susan_Headshots-05-scaled.jpg\",\"width\":2560,\"height\":2560},{\"@type\":\"BreadcrumbList\",\"@id\":\"https:\\\/\\\/www.yorku.ca\\\/glendon\\\/leadership-and-community\\\/?lang=fr#breadcrumb\",\"itemListElement\":[{\"@type\":\"ListItem\",\"position\":1,\"name\":\"Home\",\"item\":\"https:\\\/\\\/www.yorku.ca\\\/glendon\\\/\"},{\"@type\":\"ListItem\",\"position\":2,\"name\":\"Leadership et communaut\u00e9\"}]},{\"@type\":\"WebSite\",\"@id\":\"https:\\\/\\\/www.yorku.ca\\\/glendon\\\/#website\",\"url\":\"https:\\\/\\\/www.yorku.ca\\\/glendon\\\/\",\"name\":\"Glendon Campus\",\"description\":\"\",\"publisher\":{\"@id\":\"https:\\\/\\\/www.yorku.ca\\\/glendon\\\/#organization\"},\"potentialAction\":[{\"@type\":\"SearchAction\",\"target\":{\"@type\":\"EntryPoint\",\"urlTemplate\":\"https:\\\/\\\/www.yorku.ca\\\/glendon\\\/?s={search_term_string}\"},\"query-input\":{\"@type\":\"PropertyValueSpecification\",\"valueRequired\":true,\"valueName\":\"search_term_string\"}}],\"inLanguage\":\"en-US\"},{\"@type\":\"Organization\",\"@id\":\"https:\\\/\\\/www.yorku.ca\\\/glendon\\\/#organization\",\"name\":\"Glendon Campus\",\"url\":\"https:\\\/\\\/www.yorku.ca\\\/glendon\\\/\",\"logo\":{\"@type\":\"ImageObject\",\"inLanguage\":\"en-US\",\"@id\":\"https:\\\/\\\/www.yorku.ca\\\/glendon\\\/#\\\/schema\\\/logo\\\/image\\\/\",\"url\":\"https:\\\/\\\/www.yorku.ca\\\/glendon\\\/wp-content\\\/uploads\\\/sites\\\/508\\\/2023\\\/07\\\/Glendon-Campus-YorkU-Logo-.png\",\"contentUrl\":\"https:\\\/\\\/www.yorku.ca\\\/glendon\\\/wp-content\\\/uploads\\\/sites\\\/508\\\/2023\\\/07\\\/Glendon-Campus-YorkU-Logo-.png\",\"width\":5516,\"height\":601,\"caption\":\"Glendon Campus\"},\"image\":{\"@id\":\"https:\\\/\\\/www.yorku.ca\\\/glendon\\\/#\\\/schema\\\/logo\\\/image\\\/\"},\"sameAs\":[\"https:\\\/\\\/www.facebook.com\\\/GlendonCampus\\\/\",\"https:\\\/\\\/x.com\\\/glendoncampus\",\"https:\\\/\\\/www.instagram.com\\\/glendoncampus\\\/\",\"https:\\\/\\\/www.linkedin.com\\\/school\\\/glendon-campus\\\/\",\"https:\\\/\\\/www.youtube.com\\\/channel\\\/UC8bu5ntS7ZMGCURI0C-uENQ\",\"https:\\\/\\\/en.wikipedia.org\\\/wiki\\\/Glendon_College\"]}]}<\/script>\n<!-- \/ Yoast SEO plugin. -->","yoast_head_json":{"title":"Leadership et communaut\u00e9 | Glendon Campus","robots":{"index":"index","follow":"follow","max-snippet":"max-snippet:-1","max-image-preview":"max-image-preview:large","max-video-preview":"max-video-preview:-1"},"canonical":"https:\/\/www.yorku.ca\/glendon\/leadership-and-community\/","og_locale":"en_US","og_type":"article","og_title":"Leadership et communaut\u00e9 | Glendon Campus","og_description":"Susan Pond - directrice Susan Pond, M.S.C. dirige l\u2019\u00c9cole des affaires publiques et internationales de Glendon avec l\u2019aide du corps professoral, du personnel, des chercheuses et chercheurs associ\u00e9s et gr\u00e2ce aux dons g\u00e9n\u00e9reux de BMO et de Power Corporation; elle est responsable de plusieurs \u00e9v\u00e9nements de premier plan, dont la s\u00e9rie populaire des Dialogues internationaux [&hellip;]","og_url":"https:\/\/www.yorku.ca\/glendon\/leadership-and-community\/?lang=fr","og_site_name":"Glendon Campus","article_publisher":"https:\/\/www.facebook.com\/GlendonCampus\/","article_modified_time":"2025-12-11T19:30:22+00:00","og_image":[{"width":2560,"height":2560,"url":"https:\/\/www.yorku.ca\/glendon\/wp-content\/uploads\/sites\/508\/2025\/07\/susan_Headshots-05-scaled.jpg","type":"image\/jpeg"}],"twitter_card":"summary_large_image","twitter_site":"@glendoncampus","twitter_misc":{"Est. reading time":"5 minutes"},"schema":{"@context":"https:\/\/schema.org","@graph":[{"@type":"WebPage","@id":"https:\/\/www.yorku.ca\/glendon\/leadership-and-community\/?lang=fr","url":"https:\/\/www.yorku.ca\/glendon\/leadership-and-community\/?lang=fr","name":"Leadership et communaut\u00e9 | Glendon Campus","isPartOf":{"@id":"https:\/\/www.yorku.ca\/glendon\/#website"},"primaryImageOfPage":{"@id":"https:\/\/www.yorku.ca\/glendon\/leadership-and-community\/?lang=fr#primaryimage"},"image":{"@id":"https:\/\/www.yorku.ca\/glendon\/leadership-and-community\/?lang=fr#primaryimage"},"thumbnailUrl":"https:\/\/www.yorku.ca\/glendon\/wp-content\/uploads\/sites\/508\/2025\/07\/susan_Headshots-05-scaled.jpg","datePublished":"2025-07-04T19:23:38+00:00","dateModified":"2025-12-11T19:30:22+00:00","breadcrumb":{"@id":"https:\/\/www.yorku.ca\/glendon\/leadership-and-community\/?lang=fr#breadcrumb"},"inLanguage":"en-US","potentialAction":[{"@type":"ReadAction","target":["https:\/\/www.yorku.ca\/glendon\/leadership-and-community\/?lang=fr"]}]},{"@type":"ImageObject","inLanguage":"en-US","@id":"https:\/\/www.yorku.ca\/glendon\/leadership-and-community\/?lang=fr#primaryimage","url":"https:\/\/www.yorku.ca\/glendon\/wp-content\/uploads\/sites\/508\/2025\/07\/susan_Headshots-05-scaled.jpg","contentUrl":"https:\/\/www.yorku.ca\/glendon\/wp-content\/uploads\/sites\/508\/2025\/07\/susan_Headshots-05-scaled.jpg","width":2560,"height":2560},{"@type":"BreadcrumbList","@id":"https:\/\/www.yorku.ca\/glendon\/leadership-and-community\/?lang=fr#breadcrumb","itemListElement":[{"@type":"ListItem","position":1,"name":"Home","item":"https:\/\/www.yorku.ca\/glendon\/"},{"@type":"ListItem","position":2,"name":"Leadership et communaut\u00e9"}]},{"@type":"WebSite","@id":"https:\/\/www.yorku.ca\/glendon\/#website","url":"https:\/\/www.yorku.ca\/glendon\/","name":"Glendon Campus","description":"","publisher":{"@id":"https:\/\/www.yorku.ca\/glendon\/#organization"},"potentialAction":[{"@type":"SearchAction","target":{"@type":"EntryPoint","urlTemplate":"https:\/\/www.yorku.ca\/glendon\/?s={search_term_string}"},"query-input":{"@type":"PropertyValueSpecification","valueRequired":true,"valueName":"search_term_string"}}],"inLanguage":"en-US"},{"@type":"Organization","@id":"https:\/\/www.yorku.ca\/glendon\/#organization","name":"Glendon Campus","url":"https:\/\/www.yorku.ca\/glendon\/","logo":{"@type":"ImageObject","inLanguage":"en-US","@id":"https:\/\/www.yorku.ca\/glendon\/#\/schema\/logo\/image\/","url":"https:\/\/www.yorku.ca\/glendon\/wp-content\/uploads\/sites\/508\/2023\/07\/Glendon-Campus-YorkU-Logo-.png","contentUrl":"https:\/\/www.yorku.ca\/glendon\/wp-content\/uploads\/sites\/508\/2023\/07\/Glendon-Campus-YorkU-Logo-.png","width":5516,"height":601,"caption":"Glendon Campus"},"image":{"@id":"https:\/\/www.yorku.ca\/glendon\/#\/schema\/logo\/image\/"},"sameAs":["https:\/\/www.facebook.com\/GlendonCampus\/","https:\/\/x.com\/glendoncampus","https:\/\/www.instagram.com\/glendoncampus\/","https:\/\/www.linkedin.com\/school\/glendon-campus\/","https:\/\/www.youtube.com\/channel\/UC8bu5ntS7ZMGCURI0C-uENQ","https:\/\/en.wikipedia.org\/wiki\/Glendon_College"]}]}},"taxonomy_info":[],"featured_image_src_large":false,"author_info":{"display_name":"lolobess","author_link":"https:\/\/www.yorku.ca\/glendon\/author\/lolobess\/"},"comment_info":0,"_links":{"self":[{"href":"https:\/\/www.yorku.ca\/glendon\/wp-json\/wp\/v2\/pages\/34652","targetHints":{"allow":["GET"]}}],"collection":[{"href":"https:\/\/www.yorku.ca\/glendon\/wp-json\/wp\/v2\/pages"}],"about":[{"href":"https:\/\/www.yorku.ca\/glendon\/wp-json\/wp\/v2\/types\/page"}],"author":[{"embeddable":true,"href":"https:\/\/www.yorku.ca\/glendon\/wp-json\/wp\/v2\/users\/2381"}],"replies":[{"embeddable":true,"href":"https:\/\/www.yorku.ca\/glendon\/wp-json\/wp\/v2\/comments?post=34652"}],"version-history":[{"count":2,"href":"https:\/\/www.yorku.ca\/glendon\/wp-json\/wp\/v2\/pages\/34652\/revisions"}],"predecessor-version":[{"id":35573,"href":"https:\/\/www.yorku.ca\/glendon\/wp-json\/wp\/v2\/pages\/34652\/revisions\/35573"}],"wp:attachment":[{"href":"https:\/\/www.yorku.ca\/glendon\/wp-json\/wp\/v2\/media?parent=34652"}],"wp:term":[{"taxonomy":"post_tag","embeddable":true,"href":"https:\/\/www.yorku.ca\/glendon\/wp-json\/wp\/v2\/tags?post=34652"}],"curies":[{"name":"wp","href":"https:\/\/api.w.org\/{rel}","templated":true}]}}